{"id":15,"date":"2018-07-01T14:31:44","date_gmt":"2018-07-01T12:31:44","guid":{"rendered":"http:\/\/vitamarine-esthetique.re\/?page_id=15"},"modified":"2025-07-30T17:19:27","modified_gmt":"2025-07-30T15:19:27","slug":"marques-utilisees","status":"publish","type":"page","link":"https:\/\/vitamarine-esthetique.re\/?page_id=15","title":{"rendered":"Marques Utilis\u00e9es"},"content":{"rendered":"<ul>\n<li>\n<h3 data-start=\"224\" data-end=\"285\"><strong data-start=\"228\" data-end=\"285\">Thalac \u2013 L\u2019excellence marine au service de votre peau<\/strong><\/h3>\n<p data-start=\"287\" data-end=\"428\"><strong data-start=\"292\" data-end=\"317\">Vitamarine Esth\u00e9tique<\/strong>, a choisi la marque <strong data-start=\"347\" data-end=\"357\">Thalac<\/strong> pour la qualit\u00e9 de ses soins et son approche naturelle de la beaut\u00e9.<\/p>\n<p data-start=\"430\" data-end=\"674\">Sp\u00e9cialiste de la cosm\u00e9tique marine, <strong data-start=\"467\" data-end=\"477\">Thalac<\/strong> propose des soins visage et corps formul\u00e9s \u00e0 base d\u2019actifs issus de la mer : algues, min\u00e9raux, oligo-\u00e9l\u00e9ments\u2026 de v\u00e9ritables tr\u00e9sors pour r\u00e9g\u00e9n\u00e9rer, hydrater et r\u00e9\u00e9quilibrer la peau en profondeur.<\/p>\n<p data-start=\"676\" data-end=\"832\">Fabriqu\u00e9s en <strong data-start=\"689\" data-end=\"699\">France<\/strong>, les produits Thalac sont reconnus pour leur efficacit\u00e9, leur sensorialit\u00e9 et leur parfaite tol\u00e9rance, m\u00eame sur les peaux sensibles.<\/p>\n<p data-start=\"834\" data-end=\"931\">\ud83c\udf3f Sans parab\u00e8ne<br data-start=\"851\" data-end=\"854\" \/>\ud83d\udc1a Inspir\u00e9s de la thalassoth\u00e9rapie<br data-start=\"888\" data-end=\"891\" \/>\ud83d\udca7 Hautement concentr\u00e9s en actifs marins<\/p>\n<p data-start=\"933\" data-end=\"1112\">Gr\u00e2ce \u00e0 des protocoles professionnels cibl\u00e9s (hydratation, anti-\u00e2ge, \u00e9clat, fermet\u00e9, etc.), nous vous offrons des soins sur-mesure, alliant r\u00e9sultats visibles et bien-\u00eatre absolu.<\/p>\n<\/li>\n<\/ul>\n<h3 data-start=\"156\" data-end=\"226\"><strong data-start=\"160\" data-end=\"226\">Zael \u2013 La gamme naturelle r\u00e9unionnaise au c\u0153ur de votre beaut\u00e9<\/strong><\/h3>\n<p data-start=\"228\" data-end=\"509\"><strong data-start=\"228\" data-end=\"236\">Zael<\/strong> est une marque <strong data-start=\"252\" data-end=\"273\">100% r\u00e9unionnaise<\/strong> qui puise son inspiration dans la richesse et la diversit\u00e9 de la nature locale. Con\u00e7ue pour sublimer tous les types de peau, cette gamme de soins naturels allie ingr\u00e9dients locaux soigneusement s\u00e9lectionn\u00e9s et savoir-faire authentique.<\/p>\n<p data-start=\"228\" data-end=\"509\"><strong data-start=\"650\" data-end=\"676\">Fabriqu\u00e9e \u00e0 La R\u00e9union<\/strong> avec une exigence de qualit\u00e9 et d\u2019efficacit\u00e9<br data-start=\"721\" data-end=\"724\" \/>\ud83d\udeab Sans parab\u00e8ne, sans produit chimique agressif .<\/p>\n<p data-start=\"1004\" data-end=\"1148\"><strong data-start=\"1009\" data-end=\"1034\">Vitamarine Esth\u00e9tique<\/strong>, est fier de proposer cette marque engag\u00e9e, porteuse des valeurs de notre \u00eele et de la beaut\u00e9 naturelle.<\/p>\n<h3 data-start=\"128\" data-end=\"181\"><strong data-start=\"132\" data-end=\"181\">Osma\u00e9 \u2013 Produits inspir\u00e9s de la nature<\/strong><\/h3>\n<p data-start=\"183\" data-end=\"401\"><strong data-start=\"183\" data-end=\"192\">Osma\u00e9<\/strong> est une marque fran\u00e7aise de soins et de parfums naturels, d\u00e9velopp\u00e9e avec une attention particuli\u00e8re port\u00e9e \u00e0 la sensibilit\u00e9 de la peau, au respect de l\u2019environnement et \u00e0 la richesse des plantes. Pens\u00e9e pour allier efficacit\u00e9, plaisir sensoriel et douceur, la gamme Osma\u00e9 offre des produits aux <strong data-start=\"502\" data-end=\"524\">compositions clean<\/strong>, formul\u00e9s avec un maximum d\u2019ingr\u00e9dients d\u2019origine naturelle, souvent issus de l\u2019agriculture biologique.<\/p>\n<p data-start=\"183\" data-end=\"401\">\u267b\ufe0f Engagement \u00e9coresponsable : packagings recyclables, formules biod\u00e9gradables<\/p>\n<p data-start=\"183\" data-end=\"401\"><strong data-start=\"1031\" data-end=\"1056\">Vitamarine Esth\u00e9tique<\/strong>, a choisi Osma\u00e9 pour sa <strong data-start=\"1090\" data-end=\"1110\">d\u00e9marche \u00e9thique<\/strong>, son <strong data-start=\"1116\" data-end=\"1138\">respect de la peau<\/strong> et son univers olfactif <strong data-start=\"1163\" data-end=\"1185\">d\u00e9licat et raffin\u00e9<\/strong>. Chaque soin devient un v\u00e9ritable moment de bien-\u00eatre, o\u00f9 nature et \u00e9l\u00e9gance se rencontrent. En exclusivit\u00e9 dans votre institut, embarquez pour les Escales Osma\u00e9 : les voyages sensoriels en cabine pour une d\u00e9tente absolue.<\/p>\n<h3 data-start=\"143\" data-end=\"195\"><strong data-start=\"147\" data-end=\"195\">Inocos \u2013 Gamme professionnelle pour onglerie<\/strong><\/h3>\n<p data-start=\"197\" data-end=\"384\"><strong data-start=\"197\" data-end=\"207\">Inocos<\/strong> propose une gamme compl\u00e8te de produits pour la manucure et la p\u00e9dicure professionnelle, con\u00e7ue pour allier performance, durabilit\u00e9 et respect de la sant\u00e9 des ongles naturels.<\/p>\n<h4 data-start=\"386\" data-end=\"410\"><strong>Produits phares :<\/strong><\/h4>\n<p>Vernis semi-permanents : formulation haute pigmentation, s\u00e9chage rapide sous lampe LED, r\u00e9sistance aux chocs et \u00e0 l&rsquo;usure pour une tenue optimale.<\/p>\n<h4 data-start=\"386\" data-end=\"410\"><\/h4>\n<h3 data-start=\"156\" data-end=\"212\"><strong data-start=\"160\" data-end=\"212\">YumiFeet \u2013 Le soin anti-callosit\u00e9s professionnel<\/strong><\/h3>\n<p data-start=\"214\" data-end=\"412\">Le <strong data-start=\"217\" data-end=\"234\">soin YumiFeet<\/strong> est une solution esth\u00e9tique r\u00e9volutionnaire, sp\u00e9cialement formul\u00e9e pour <strong data-start=\"307\" data-end=\"347\">\u00e9liminer efficacement les callosit\u00e9s<\/strong> et retrouver des pieds doux, nets et lisses en une seule s\u00e9ance. YumiFeet agit en profondeur sur les zones \u00e9paissies du talon et de la plante du pied, sans lame ni douleur. Le traitement dissout les cellules mortes de mani\u00e8re cibl\u00e9e, permettant un <strong data-start=\"646\" data-end=\"678\">r\u00e9sultat imm\u00e9diat et visible<\/strong>, sans agresser la peau saine.<\/p>\n<h3 data-start=\"200\" data-end=\"253\">\ud83c\udf43 <strong data-start=\"207\" data-end=\"253\">Island Tea \u2013 L\u2019art de l\u2019infusion bien-\u00eatre<\/strong><\/h3>\n<p data-start=\"255\" data-end=\"573\"><strong data-start=\"255\" data-end=\"269\">Island Tea<\/strong> propose une collection de <strong data-start=\"296\" data-end=\"327\">th\u00e9s et infusions bien-\u00eatre<\/strong>, \u00e9labor\u00e9s \u00e0 partir de plantes soigneusement s\u00e9lectionn\u00e9es pour leurs bienfaits naturels. Chaque m\u00e9lange a \u00e9t\u00e9 con\u00e7u pour accompagner les moments de d\u00e9tente, soutenir l\u2019\u00e9quilibre du corps et de l\u2019esprit.<\/p>\n<p data-start=\"575\" data-end=\"795\">\ud83c\udf3f Plantes aux vertus naturelles (digestion, d\u00e9tente, \u00e9nergie, d\u00e9tox&#8230;)<br data-start=\"647\" data-end=\"650\" \/>\ud83e\uded6 Infusions douces, aromatiques et efficaces<br data-start=\"695\" data-end=\"698\" \/>\ud83d\udca7 \u00c0 savourer apr\u00e8s un soin ou en rituel quotidien<br data-start=\"748\" data-end=\"751\" \/>\u267b\ufe0f Pr\u00e9sentation \u00e9l\u00e9gante et \u00e9coresponsable<\/p>\n<h3 data-start=\"797\" data-end=\"851\">L\u2019exp\u00e9rience Island Tea chez Vitamarine Esth\u00e9tique<\/h3>\n<p data-start=\"853\" data-end=\"1069\">Apr\u00e8s un soin ou entre deux rendez-vous, une infusion <strong data-start=\"907\" data-end=\"921\">Island Tea<\/strong> vous est propos\u00e9e pour prolonger votre moment de bien-\u00eatre. Une mani\u00e8re douce, naturelle et agr\u00e9able de prendre soin de vous, aussi de l\u2019int\u00e9rieur.<\/p>\n<p data-start=\"982\" data-end=\"1050\">\n","protected":false},"excerpt":{"rendered":"<p>Thalac \u2013 L\u2019excellence marine au service de votre peau Vitamarine Esth\u00e9tique, a choisi la marque Thalac pour la qualit\u00e9 de ses soins et son approche naturelle de la beaut\u00e9. Sp\u00e9cialiste de la cosm\u00e9tique marine, Thalac propose des soins visage et corps formul\u00e9s \u00e0 base d\u2019actifs issus de la mer : algues, min\u00e9raux, oligo-\u00e9l\u00e9ments\u2026 de v\u00e9ritables &hellip; <\/p>\n","protected":false},"author":1,"featured_media":0,"parent":0,"menu_order":0,"comment_status":"closed","ping_status":"closed","template":"","meta":[],"_links":{"self":[{"href":"https:\/\/vitamarine-esthetique.re\/index.php?rest_route=\/wp\/v2\/pages\/15"}],"collection":[{"href":"https:\/\/vitamarine-esthetique.re\/index.php?rest_route=\/wp\/v2\/pages"}],"about":[{"href":"https:\/\/vitamarine-esthetique.re\/index.php?rest_route=\/wp\/v2\/types\/page"}],"author":[{"embeddable":true,"href":"https:\/\/vitamarine-esthetique.re\/index.php?rest_route=\/wp\/v2\/users\/1"}],"replies":[{"embeddable":true,"href":"https:\/\/vitamarine-esthetique.re\/index.php?rest_route=%2Fwp%2Fv2%2Fcomments&post=15"}],"version-history":[{"count":12,"href":"https:\/\/vitamarine-esthetique.re\/index.php?rest_route=\/wp\/v2\/pages\/15\/revisions"}],"predecessor-version":[{"id":285,"href":"https:\/\/vitamarine-esthetique.re\/index.php?rest_route=\/wp\/v2\/pages\/15\/revisions\/285"}],"wp:attachment":[{"href":"https:\/\/vitamarine-esthetique.re\/index.php?rest_route=%2Fwp%2Fv2%2Fmedia&parent=15"}],"curies":[{"name":"wp","href":"https:\/\/api.w.org\/{rel}","templated":true}]}}